{"id":72,"date":"2026-08-09T18:18:03","date_gmt":"2026-08-09T18:18:03","guid":{"rendered":"https:\/\/minervaskolen.dk\/?page_id=72"},"modified":"2026-08-29T13:11:04","modified_gmt":"2026-08-29T13:11:04","slug":"optagelse","status":"publish","type":"page","link":"https:\/\/minervaskolen.dk\/?page_id=72","title":{"rendered":"Optagelse"},"content":{"rendered":"\n<p class=\"wp-block-paragraph\">Minervaskolen er et tilbud til elever med h\u00f8j faglig kapacitet, som kan og vil. Skolens m\u00e5lgruppe er elever med en IQ over 120.<br>Inden et tilbud om optagelse vil skolen indkalde eleven til en samtale og screening i overensstemmelse med UVM\u2019s anbefalinger.<br>Hvis eleven efter samtalen og screeningen tilbydes et pr\u00f8veforl\u00f8b p\u00e5 to uger, vil skolen vurdere elevens foruds\u00e6tninger for at indg\u00e5 i skolens faglige og sociale f\u00e6llesskab. Vurderingen tager udgangspunkt i elevens alder og klassetrin.<br><br><strong>Indskoling<br><\/strong>I indskolingen l\u00e6gger vi v\u00e6gt p\u00e5, om eleven er undervisningsparat og kan modtage og handle p\u00e5 f\u00e6lles beskeder.<br>Med undervisningsparathed mener vi blandt andet, at eleven:<\/p>\n\n\n\n<p class=\"wp-block-paragraph\">\u2022Udviser faglig nysgerrighed og lyst til at l\u00e6re<br>\u2022Kan indg\u00e5 i klassens f\u00e6llesskab<br>\u2022Viser respekt for andre elever og voksne<br>\u2022Kan indg\u00e5 i relationen mellem l\u00e6rer og elev, hvor l\u00e6reren har ansvaret for undervisningens rammer og klassens l\u00e6ringsf\u00e6llesskab.<\/p>\n\n\n\n<p class=\"wp-block-paragraph\"><br><strong>Mellemtrin<br><\/strong>P\u00e5 mellemtrinnet l\u00e6gger vi v\u00e6gt p\u00e5 de samme grundl\u00e6ggende foruds\u00e6tninger som i indskolingen.<br>Herudover ser vi blandt andet p\u00e5, om eleven:<\/p>\n\n\n\n<p class=\"wp-block-paragraph\">\u2022 Kan fastholde engagement og fokus, ogs\u00e5 n\u00e5r undervisningen ikke tager udgangspunkt i elevens prim\u00e6re interesseomr\u00e5der eller foretrukne arbejdsformer<br>\u2022 Kan acceptere, at ikke alle undervisningsemner n\u00f8dvendigvis opleves som meningsfulde med det samme<br>\u2022 Kan indg\u00e5 konstruktivt i klassens faglige og sociale f\u00e6llesskab.<br><\/p>\n\n\n\n<p class=\"wp-block-paragraph\"><strong>Udskoling<\/strong><br>I udskolingen l\u00e6gger vi s\u00e6rligt v\u00e6gt p\u00e5 elevens faglige nysgerrighed, engagement og motivation.<br>Der er ikke en forventning om, at eleven er fagligt st\u00e6rk inden for alle omr\u00e5der. Det er dog vigtigt, at eleven deltager aktivt i undervisningen og viser interesse for at l\u00e6re og udvikle sig.<\/p>\n\n\n\n<p class=\"wp-block-paragraph\"><br><strong>Et trygt og respektfuldt f\u00e6llesskab<\/strong><\/p>\n\n\n\n<p class=\"wp-block-paragraph\">P\u00e5 Minervaskolen mener vi, at et trygt klassev\u00e6relse er en grundl\u00e6ggende foruds\u00e6tning for l\u00e6ring og trivsel. Derfor accepterer skolen hverken fysiske eller verbale overgreb.<br><br>Vi forventer, at alle elever respekterer skolens f\u00e6llesskab \u2013 b\u00e5de i forhold til elever og l\u00e6rere. Vi l\u00e6gger v\u00e6gt p\u00e5 en god og ordentlig omgangstone, hvor man behandler hinanden med respekt.<br>Det indeb\u00e6rer ogs\u00e5, at eleverne respekterer l\u00e6rerens ansvar for klassens ledelse, undervisning og l\u00e6ringsmilj\u00f8.<br>For\u00e6ldrene kender deres barn bedst. L\u00e6reren har til geng\u00e6ld den professionelle viden om eleven som en del af et l\u00e6rings- og klassef\u00e6llesskab. <br>P\u00e5 Minervaskolen ser vi dette samarbejde som vigtigt for at skabe de bedste rammer for elevens l\u00e6ring, trivsel og udvikling.<\/p>\n\n\n\n<p class=\"wp-block-paragraph\"><strong>Optagelsesforl\u00f8b<\/strong><br>Minervaskolen er en nicheskole for b\u00f8rn med stort potentiale. Du tager som for\u00e6lder en indledning vurdering med udgangspunkt<\/p>\n\n\n\n<p class=\"wp-block-paragraph\">Har jeg en formodning om at mit barn har en IQ p\u00e5 120 eler derover? Er du i tvivl, kan vi hj\u00e6lpe!<br>Kan mit barn indg\u00e5 i en normal skole i en klasse med 22 elever og en l\u00e6rer?<br>Trives mit barn med undervisningen som foreg\u00e5r hurtigt eller abstrakt?<br>Trives mit barn med undervisning p\u00e5 h\u00f8jt fagligt niveau?<br>Har mit barn brug for at kunne v\u00e6re sammen med andre b\u00f8rn som har det p\u00e5 samme m\u00e5de?<br>Kan jeg som for\u00e6lder acceptere skolens v\u00e6rdigrundlag og p\u00e6dagogiske grundlag?<br>Kan jeg som for\u00e6lder acceptere at l\u00e6rernes arbejdstid prim\u00e6rt prioriteres til undervisning?<br>Kan jeg som for\u00e6lder acceptere at skolen ikke er eksperter i b\u00f8rn med behov for specialundervisning?<br><\/p>\n\n\n\n<p class=\"wp-block-paragraph\">Hvis svaret er Ja &#8211; s\u00e5 b\u00f8r du skrive dit barn op her!<br><br>N\u00e5r der er plads i en klasse, indkalder vi til pr\u00f8veforl\u00f8b. Forl\u00f8bet varer 14 dage, hvor vi gensidigt skal v\u00e6re sikre p\u00e5, at barnet vil trives p\u00e5 Minervaskolen. I de 14 dage er barnet med i klassen, og indg\u00e5r i skoledagen som alle andre. P\u00e5 sidste pr\u00f8vedag giver vi besked om vi kan tilbyde optag. I givet fald kan barnet forts\u00e6tte i klassen. Hvis vi ikke kan tilbyde optag, f\u00e5r I en skriftlig tilbagemelding med anbefalinger til barnets kommende skoleforl\u00f8b.<\/p>\n\n\n\n<p class=\"wp-block-paragraph\">Vores beslutning om optagelse sker ud fra en samlet vurdering af barnets sociale og faglige trivsel p\u00e5 skolen. Vi optager kun elever, som vi har en forventing om vil trives i en skolehverdag, hvor undervisningen g\u00e5r hurtigt og omgangsformen er uproblematisk.<br><br>Vurderingen sker bl.a. p\u00e5 baggrund af vores v\u00e6rdier, og vi ser f.eks. p\u00e5 f\u00f8lgende parametre:<br>Trives eleven med de andre elever?<br>Trives eleven med undervisningsformen?<br>Er eleven skoleparat og har lyst til at l\u00e6re og v\u00e6re nysgerrig?<br>Bidrager eleven positivt til klassef\u00e6llesskabet?<br>Har eleven brug for andet end vi kan tilbyde?<br><br>Vi ser ikke p\u00e5 elevens nuv\u00e6rende faglige niveau eller karakterer. <br>Har barnet tidligere haft behov for hj\u00e6lp fra f.eks. PPR, er det ikke et udelukkelseskriterie, men vigtig information for at vurdere om barnet vil kunne trives p\u00e5 Minervaskolen<\/p>\n\n\n\n<p class=\"wp-block-paragraph\">Optagelse p\u00e5 Minervaskolen sker l\u00f8bende. <\/p>\n\n\n\n<p class=\"wp-block-paragraph\">Vi bestr\u00e6ber os p\u00e5, at optagelsesprocessen er transparent og ordentlig. Vi anerkender den sv\u00e6re situation, man kan st\u00e5 i som for\u00e6ldre og som barn. Processen er vigtig for at skabe de bedste rammer for jeres barn, samt de nuv\u00e6rende b\u00f8rn p\u00e5 skolen. <\/p>\n\n\n\n<p class=\"wp-block-paragraph\"><a href=\"https:\/\/minervaskolen.dk\/?page_id=52\" data-type=\"page\" data-id=\"52\">Opskrivning<br><\/a><a href=\"https:\/\/minervaskolen.dk\/?page_id=70\" data-type=\"page\" data-id=\"70\">M\u00e5lgruppe<\/a><\/p>\n","protected":false},"excerpt":{"rendered":"<p>Minervaskolen er et tilbud til elever med h\u00f8j faglig kapacitet, som kan og vil. Skolens m\u00e5lgruppe er elever med en IQ over 120.Inden et tilbud om optagelse vil skolen indkalde eleven til en samtale og screening i overensstemmelse med UVM\u2019s anbefalinger.Hvis eleven efter samtalen og screeningen tilbydes et pr\u00f8veforl\u00f8b p\u00e5 to uger, vil skolen vurdere [&hellip;]<\/p>\n","protected":false},"author":1,"featured_media":0,"parent":117,"menu_order":0,"comment_status":"closed","ping_status":"closed","template":"","meta":{"footnotes":""},"class_list":["post-72","page","type-page","status-publish","hentry"],"yoast_head":"<!-- This site is optimized with the Yoast SEO plugin v28.1 - https:\/\/yoast.com\/product\/yoast-seo-wordpress\/ -->\n<title>Optagelse - Minervaskolen<\/title>\n<meta name=\"robots\" content=\"index, follow, max-snippet:-1, max-image-preview:large, max-video-preview:-1\" \/>\n<link rel=\"canonical\" href=\"https:\/\/minervaskolen.dk\/?page_id=72\" \/>\n<meta property=\"og:locale\" content=\"da_DK\" \/>\n<meta property=\"og:type\" content=\"article\" \/>\n<meta property=\"og:title\" content=\"Optagelse - Minervaskolen\" \/>\n<meta property=\"og:description\" content=\"Minervaskolen er et tilbud til elever med h\u00f8j faglig kapacitet, som kan og vil. Skolens m\u00e5lgruppe er elever med en IQ over 120.Inden et tilbud om optagelse vil skolen indkalde eleven til en samtale og screening i overensstemmelse med UVM\u2019s anbefalinger.Hvis eleven efter samtalen og screeningen tilbydes et pr\u00f8veforl\u00f8b p\u00e5 to uger, vil skolen vurdere [&hellip;]\" \/>\n<meta property=\"og:url\" content=\"https:\/\/minervaskolen.dk\/?page_id=72\" \/>\n<meta property=\"og:site_name\" content=\"Minervaskolen\" \/>\n<meta property=\"article:publisher\" content=\"https:\/\/www.facebook.com\/profile.php?id=61592659547334\" \/>\n<meta property=\"article:modified_time\" content=\"2026-08-29T13:11:04+00:00\" \/>\n<meta name=\"twitter:card\" content=\"summary_large_image\" \/>\n<meta name=\"twitter:label1\" content=\"Estimeret l\u00e6setid\" \/>\n\t<meta name=\"twitter:data1\" content=\"5 minutter\" \/>\n<script type=\"application\/ld+json\" class=\"yoast-schema-graph\">{\"@context\":\"https:\\\/\\\/schema.org\",\"@graph\":[{\"@type\":\"WebPage\",\"@id\":\"https:\\\/\\\/minervaskolen.dk\\\/?page_id=72\",\"url\":\"https:\\\/\\\/minervaskolen.dk\\\/?page_id=72\",\"name\":\"Optagelse - Minervaskolen\",\"isPartOf\":{\"@id\":\"https:\\\/\\\/minervaskolen.dk\\\/#website\"},\"datePublished\":\"2026-08-09T18:18:03+00:00\",\"dateModified\":\"2026-08-29T13:11:04+00:00\",\"breadcrumb\":{\"@id\":\"https:\\\/\\\/minervaskolen.dk\\\/?page_id=72#breadcrumb\"},\"inLanguage\":\"da-DK\",\"potentialAction\":[{\"@type\":\"ReadAction\",\"target\":[\"https:\\\/\\\/minervaskolen.dk\\\/?page_id=72\"]}]},{\"@type\":\"BreadcrumbList\",\"@id\":\"https:\\\/\\\/minervaskolen.dk\\\/?page_id=72#breadcrumb\",\"itemListElement\":[{\"@type\":\"ListItem\",\"position\":1,\"name\":\"Hjem\",\"item\":\"https:\\\/\\\/minervaskolen.dk\\\/\"},{\"@type\":\"ListItem\",\"position\":2,\"name\":\"Ny elev\",\"item\":\"https:\\\/\\\/minervaskolen.dk\\\/?page_id=117\"},{\"@type\":\"ListItem\",\"position\":3,\"name\":\"Optagelse\"}]},{\"@type\":\"WebSite\",\"@id\":\"https:\\\/\\\/minervaskolen.dk\\\/#website\",\"url\":\"https:\\\/\\\/minervaskolen.dk\\\/\",\"name\":\"www.minervaskolen.dk\",\"description\":\"\",\"publisher\":{\"@id\":\"https:\\\/\\\/minervaskolen.dk\\\/#organization\"},\"potentialAction\":[{\"@type\":\"SearchAction\",\"target\":{\"@type\":\"EntryPoint\",\"urlTemplate\":\"https:\\\/\\\/minervaskolen.dk\\\/?s={search_term_string}\"},\"query-input\":{\"@type\":\"PropertyValueSpecification\",\"valueRequired\":true,\"valueName\":\"search_term_string\"}}],\"inLanguage\":\"da-DK\"},{\"@type\":\"Organization\",\"@id\":\"https:\\\/\\\/minervaskolen.dk\\\/#organization\",\"name\":\"Minervaskolen\",\"url\":\"https:\\\/\\\/minervaskolen.dk\\\/\",\"logo\":{\"@type\":\"ImageObject\",\"inLanguage\":\"da-DK\",\"@id\":\"https:\\\/\\\/minervaskolen.dk\\\/#\\\/schema\\\/logo\\\/image\\\/\",\"url\":\"https:\\\/\\\/minervaskolen.dk\\\/wp-content\\\/uploads\\\/2026\\\/08\\\/Logo.png\",\"contentUrl\":\"https:\\\/\\\/minervaskolen.dk\\\/wp-content\\\/uploads\\\/2026\\\/08\\\/Logo.png\",\"width\":1408,\"height\":768,\"caption\":\"Minervaskolen\"},\"image\":{\"@id\":\"https:\\\/\\\/minervaskolen.dk\\\/#\\\/schema\\\/logo\\\/image\\\/\"},\"sameAs\":[\"https:\\\/\\\/www.facebook.com\\\/profile.php?id=61592659547334\"]}]}<\/script>\n<!-- \/ Yoast SEO plugin. -->","yoast_head_json":{"title":"Optagelse - Minervaskolen","robots":{"index":"index","follow":"follow","max-snippet":"max-snippet:-1","max-image-preview":"max-image-preview:large","max-video-preview":"max-video-preview:-1"},"canonical":"https:\/\/minervaskolen.dk\/?page_id=72","og_locale":"da_DK","og_type":"article","og_title":"Optagelse - Minervaskolen","og_description":"Minervaskolen er et tilbud til elever med h\u00f8j faglig kapacitet, som kan og vil. Skolens m\u00e5lgruppe er elever med en IQ over 120.Inden et tilbud om optagelse vil skolen indkalde eleven til en samtale og screening i overensstemmelse med UVM\u2019s anbefalinger.Hvis eleven efter samtalen og screeningen tilbydes et pr\u00f8veforl\u00f8b p\u00e5 to uger, vil skolen vurdere [&hellip;]","og_url":"https:\/\/minervaskolen.dk\/?page_id=72","og_site_name":"Minervaskolen","article_publisher":"https:\/\/www.facebook.com\/profile.php?id=61592659547334","article_modified_time":"2026-08-29T13:11:04+00:00","twitter_card":"summary_large_image","twitter_misc":{"Estimeret l\u00e6setid":"5 minutter"},"schema":{"@context":"https:\/\/schema.org","@graph":[{"@type":"WebPage","@id":"https:\/\/minervaskolen.dk\/?page_id=72","url":"https:\/\/minervaskolen.dk\/?page_id=72","name":"Optagelse - Minervaskolen","isPartOf":{"@id":"https:\/\/minervaskolen.dk\/#website"},"datePublished":"2026-08-09T18:18:03+00:00","dateModified":"2026-08-29T13:11:04+00:00","breadcrumb":{"@id":"https:\/\/minervaskolen.dk\/?page_id=72#breadcrumb"},"inLanguage":"da-DK","potentialAction":[{"@type":"ReadAction","target":["https:\/\/minervaskolen.dk\/?page_id=72"]}]},{"@type":"BreadcrumbList","@id":"https:\/\/minervaskolen.dk\/?page_id=72#breadcrumb","itemListElement":[{"@type":"ListItem","position":1,"name":"Hjem","item":"https:\/\/minervaskolen.dk\/"},{"@type":"ListItem","position":2,"name":"Ny elev","item":"https:\/\/minervaskolen.dk\/?page_id=117"},{"@type":"ListItem","position":3,"name":"Optagelse"}]},{"@type":"WebSite","@id":"https:\/\/minervaskolen.dk\/#website","url":"https:\/\/minervaskolen.dk\/","name":"www.minervaskolen.dk","description":"","publisher":{"@id":"https:\/\/minervaskolen.dk\/#organization"},"potentialAction":[{"@type":"SearchAction","target":{"@type":"EntryPoint","urlTemplate":"https:\/\/minervaskolen.dk\/?s={search_term_string}"},"query-input":{"@type":"PropertyValueSpecification","valueRequired":true,"valueName":"search_term_string"}}],"inLanguage":"da-DK"},{"@type":"Organization","@id":"https:\/\/minervaskolen.dk\/#organization","name":"Minervaskolen","url":"https:\/\/minervaskolen.dk\/","logo":{"@type":"ImageObject","inLanguage":"da-DK","@id":"https:\/\/minervaskolen.dk\/#\/schema\/logo\/image\/","url":"https:\/\/minervaskolen.dk\/wp-content\/uploads\/2026\/08\/Logo.png","contentUrl":"https:\/\/minervaskolen.dk\/wp-content\/uploads\/2026\/08\/Logo.png","width":1408,"height":768,"caption":"Minervaskolen"},"image":{"@id":"https:\/\/minervaskolen.dk\/#\/schema\/logo\/image\/"},"sameAs":["https:\/\/www.facebook.com\/profile.php?id=61592659547334"]}]}},"_links":{"self":[{"href":"https:\/\/minervaskolen.dk\/index.php?rest_route=\/wp\/v2\/pages\/72","targetHints":{"allow":["GET"]}}],"collection":[{"href":"https:\/\/minervaskolen.dk\/index.php?rest_route=\/wp\/v2\/pages"}],"about":[{"href":"https:\/\/minervaskolen.dk\/index.php?rest_route=\/wp\/v2\/types\/page"}],"author":[{"embeddable":true,"href":"https:\/\/minervaskolen.dk\/index.php?rest_route=\/wp\/v2\/users\/1"}],"replies":[{"embeddable":true,"href":"https:\/\/minervaskolen.dk\/index.php?rest_route=%2Fwp%2Fv2%2Fcomments&post=72"}],"version-history":[{"count":4,"href":"https:\/\/minervaskolen.dk\/index.php?rest_route=\/wp\/v2\/pages\/72\/revisions"}],"predecessor-version":[{"id":220,"href":"https:\/\/minervaskolen.dk\/index.php?rest_route=\/wp\/v2\/pages\/72\/revisions\/220"}],"up":[{"embeddable":true,"href":"https:\/\/minervaskolen.dk\/index.php?rest_route=\/wp\/v2\/pages\/117"}],"wp:attachment":[{"href":"https:\/\/minervaskolen.dk\/index.php?rest_route=%2Fwp%2Fv2%2Fmedia&parent=72"}],"curies":[{"name":"wp","href":"https:\/\/api.w.org\/{rel}","templated":true}]}}